{"id":1189,"date":"2026-02-17T12:34:44","date_gmt":"2026-02-17T11:34:44","guid":{"rendered":"https:\/\/www.kalitess.fr\/?page_id=1189"},"modified":"2026-02-17T12:34:53","modified_gmt":"2026-02-17T11:34:53","slug":"accueil-culturel-et-museographique","status":"publish","type":"page","link":"https:\/\/www.kalitess.fr\/en\/accueil-culturel-et-museographique\/","title":{"rendered":"Accueil Culturel et Mus\u00e9ographique"},"content":{"rendered":"<div data-elementor-type=\"wp-page\" data-elementor-id=\"1189\" class=\"elementor elementor-1189\" data-elementor-post-type=\"page\">\n\t\t\t\t\t\t<section class=\"has_ae_slider elementor-section elementor-top-section elementor-element elementor-element-2351e74a elementor-section-full_width elementor-section-height-min-height elementor-section-height-default elementor-section-items-middle ae-bg-gallery-type-default\" data-id=\"2351e74a\" data-element_type=\"section\" data-settings=\"{&quot;background_background&quot;:&quot;classic&quot;}\">\n\t\t\t\t\t\t<div class=\"elementor-container elementor-column-gap-no\">\n\t\t\t\t\t<div class=\"has_ae_slider elementor-column elementor-col-50 elementor-top-column elementor-element elementor-element-69ca7879 animated-slow ae-bg-gallery-type-default elementor-invisible\" data-id=\"69ca7879\" data-element_type=\"column\" data-settings=\"{&quot;animation&quot;:&quot;fadeInLeft&quot;}\">\n\t\t\t<div class=\"elementor-widget-wrap elementor-element-populated\">\n\t\t\t\t\t\t<div class=\"elementor-element elementor-element-3a3d8cab elementor-widget elementor-widget-heading\" data-id=\"3a3d8cab\" data-element_type=\"widget\" data-widget_type=\"heading.default\">\n\t\t\t\t<div class=\"elementor-widget-container\">\n\t\t\t\t\t<h1 class=\"elementor-heading-title elementor-size-default\">Accueil Culturel &amp; Mus\u00e9ographique<\/h1>\t\t\t\t<\/div>\n\t\t\t\t<\/div>\n\t\t\t\t<div class=\"elementor-element elementor-element-c2bfba elementor-widget elementor-widget-text-editor\" data-id=\"c2bfba\" data-element_type=\"widget\" data-widget_type=\"text-editor.default\">\n\t\t\t\t<div class=\"elementor-widget-container\">\n\t\t\t\t\t\t\t\t\t<p style=\"font-size: 20px; font-style: italic;\">L&rsquo;art d&rsquo;accueillir, la passion de transmettre<\/p>\t\t\t\t\t\t\t\t<\/div>\n\t\t\t\t<\/div>\n\t\t\t\t<div class=\"elementor-element elementor-element-4a01644b elementor-widget elementor-widget-text-editor\" data-id=\"4a01644b\" data-element_type=\"widget\" data-widget_type=\"text-editor.default\">\n\t\t\t\t<div class=\"elementor-widget-container\">\n\t\t\t\t\t\t\t\t\t<p>Dans un mus\u00e9e, une exposition ou un lieu patrimonial, l&rsquo;accueil ne se limite pas \u00e0 orienter : il cr\u00e9e le lien entre le public et l&rsquo;univers que vous lui d\u00e9voilez. C&rsquo;est ce premier contact qui donne le ton de l&rsquo;exp\u00e9rience culturelle \u00e0 venir.<\/p><br><p>Nos h\u00f4tes et h\u00f4tesses incarnent vos valeurs culturelles, alliant professionnalisme, sensibilit\u00e9 et connaissance du lieu pour offrir \u00e0 chaque visiteur une exp\u00e9rience fluide, chaleureuse et m\u00e9morable. Ils sont form\u00e9s \u00e0 comprendre et transmettre l&rsquo;essence de votre institution.<\/p>\t\t\t\t\t\t\t\t<\/div>\n\t\t\t\t<\/div>\n\t\t\t\t<div class=\"elementor-element elementor-element-3497234a elementor-align-left elementor-widget elementor-widget-button\" data-id=\"3497234a\" data-element_type=\"widget\" data-widget_type=\"button.default\">\n\t\t\t\t<div class=\"elementor-widget-container\">\n\t\t\t\t\t\t\t\t\t<div class=\"elementor-button-wrapper\">\n\t\t\t\t\t<a class=\"elementor-button elementor-button-link elementor-size-md\" href=\"https:\/\/www.kalitess.fr\/#contact\">\n\t\t\t\t\t\t<span class=\"elementor-button-content-wrapper\">\n\t\t\t\t\t\t\t\t\t<span class=\"elementor-button-text\">Obtenir un devis<\/span>\n\t\t\t\t\t<\/span>\n\t\t\t\t\t<\/a>\n\t\t\t\t<\/div>\n\t\t\t\t\t\t\t\t<\/div>\n\t\t\t\t<\/div>\n\t\t\t\t\t<\/div>\n\t\t<\/div>\n\t\t\t\t<div class=\"has_ae_slider elementor-column elementor-col-50 elementor-top-column elementor-element elementor-element-478a2400 animated-slow ae-bg-gallery-type-default elementor-invisible\" data-id=\"478a2400\" data-element_type=\"column\" data-settings=\"{&quot;animation&quot;:&quot;fadeInRight&quot;}\">\n\t\t\t<div class=\"elementor-widget-wrap elementor-element-populated\">\n\t\t\t\t\t\t<div class=\"elementor-element elementor-element-738a1dea elementor-hidden-mobile elementor-widget elementor-widget-image\" data-id=\"738a1dea\" data-element_type=\"widget\" data-settings=\"{&quot;motion_fx_motion_fx_scrolling&quot;:&quot;yes&quot;,&quot;motion_fx_translateY_effect&quot;:&quot;yes&quot;,&quot;motion_fx_translateY_speed&quot;:{&quot;unit&quot;:&quot;px&quot;,&quot;size&quot;:0.3,&quot;sizes&quot;:[]},&quot;motion_fx_translateY_affectedRange&quot;:{&quot;unit&quot;:&quot;%&quot;,&quot;size&quot;:&quot;&quot;,&quot;sizes&quot;:{&quot;start&quot;:0,&quot;end&quot;:100}},&quot;motion_fx_devices&quot;:[&quot;desktop&quot;,&quot;tablet&quot;,&quot;mobile&quot;]}\" data-widget_type=\"image.default\">\n\t\t\t\t<div class=\"elementor-widget-container\">\n\t\t\t\t\t\t\t\t\t\t\t\t\t\t\t<img fetchpriority=\"high\" decoding=\"async\" width=\"1024\" height=\"962\" src=\"https:\/\/www.kalitess.fr\/wp-content\/uploads\/2026\/02\/Hotesse-centre-culturel.jpg\" class=\"attachment-full size-full wp-image-1184\" alt=\"\" srcset=\"https:\/\/www.kalitess.fr\/wp-content\/uploads\/2026\/02\/Hotesse-centre-culturel.jpg 1024w, https:\/\/www.kalitess.fr\/wp-content\/uploads\/2026\/02\/Hotesse-centre-culturel-300x282.jpg 300w, https:\/\/www.kalitess.fr\/wp-content\/uploads\/2026\/02\/Hotesse-centre-culturel-768x722.jpg 768w, https:\/\/www.kalitess.fr\/wp-content\/uploads\/2026\/02\/Hotesse-centre-culturel-13x12.jpg 13w\" sizes=\"(max-width: 34.9rem) calc(100vw - 2rem), (max-width: 53rem) calc(8 * (100vw \/ 12)), (min-width: 53rem) calc(6 * (100vw \/ 12)), 100vw\" \/>\t\t\t\t\t\t\t\t\t\t\t\t\t\t\t<\/div>\n\t\t\t\t<\/div>\n\t\t\t\t\t<\/div>\n\t\t<\/div>\n\t\t\t\t\t<\/div>\n\t\t<\/section>\n\t\t\t\t<section class=\"has_ae_slider elementor-section elementor-top-section elementor-element elementor-element-6598dfbc elementor-section-boxed elementor-section-height-default elementor-section-height-default ae-bg-gallery-type-default\" data-id=\"6598dfbc\" data-element_type=\"section\" data-settings=\"{&quot;background_background&quot;:&quot;classic&quot;}\">\n\t\t\t\t\t\t<div class=\"elementor-container elementor-column-gap-default\">\n\t\t\t\t\t<div class=\"has_ae_slider elementor-column elementor-col-33 elementor-top-column elementor-element elementor-element-7185b45c animated-slow ae-bg-gallery-type-default elementor-invisible\" data-id=\"7185b45c\" data-element_type=\"column\" data-settings=\"{&quot;animation&quot;:&quot;fadeInUp&quot;}\">\n\t\t\t<div class=\"elementor-widget-wrap elementor-element-populated\">\n\t\t\t\t\t\t<div class=\"elementor-element elementor-element-1fe16857 elementor-widget elementor-widget-heading\" data-id=\"1fe16857\" data-element_type=\"widget\" data-widget_type=\"heading.default\">\n\t\t\t\t<div class=\"elementor-widget-container\">\n\t\t\t\t\t<h2 class=\"elementor-heading-title elementor-size-default\">Un accueil humain et inspirant<\/h2>\t\t\t\t<\/div>\n\t\t\t\t<\/div>\n\t\t\t\t\t<\/div>\n\t\t<\/div>\n\t\t\t\t<div class=\"has_ae_slider elementor-column elementor-col-66 elementor-top-column elementor-element elementor-element-e2e56ee animated-slow ae-bg-gallery-type-default elementor-invisible\" data-id=\"e2e56ee\" data-element_type=\"column\" data-settings=\"{&quot;animation&quot;:&quot;fadeInUp&quot;,&quot;animation_delay&quot;:200}\">\n\t\t\t<div class=\"elementor-widget-wrap elementor-element-populated\">\n\t\t\t\t\t\t<div class=\"elementor-element elementor-element-7e43755c elementor-widget elementor-widget-text-editor\" data-id=\"7e43755c\" data-element_type=\"widget\" data-widget_type=\"text-editor.default\">\n\t\t\t\t<div class=\"elementor-widget-container\">\n\t\t\t\t\t\t\t\t\t<p style=\"text-align: justify;\">L&rsquo;accueil dans un lieu culturel requiert des qualit\u00e9s humaines particuli\u00e8res : sensibilit\u00e9 artistique, curiosit\u00e9 intellectuelle et capacit\u00e9 \u00e0 transmettre l&rsquo;\u00e9motion que suscite le patrimoine. Nos \u00e9quipes sont s\u00e9lectionn\u00e9es et form\u00e9es pour r\u00e9pondre \u00e0 ces exigences sp\u00e9cifiques.<\/p><br><p style=\"text-align: justify;\"><strong>Les missions de nos h\u00f4tes et h\u00f4tesses en milieu culturel :<\/strong><\/p><ul style=\"color: #444; padding-left: 20px; line-height: 2;\"><li><strong>R\u00e9ception des visiteurs<\/strong> : individuels, groupes, scolaires ou partenaires culturels<\/li><li><strong>Pr\u00e9sentation du lieu<\/strong> : espaces d&rsquo;exposition, consignes de visite, r\u00e8gles de conservation<\/li><li><strong>Orientation personnalis\u00e9e<\/strong> vers les parcours, billetteries, vestiaires et points d&rsquo;int\u00e9r\u00eat<\/li><li><strong>Accompagnement des publics sp\u00e9cifiques<\/strong> : personnes \u00e0 mobilit\u00e9 r\u00e9duite, touristes internationaux, VIP, groupes d&rsquo;enfants<\/li><li><strong>Accueil multilingue<\/strong> pour une exp\u00e9rience accessible \u00e0 tous les visiteurs, quelle que soit leur origine<\/li><\/ul><br><p style=\"text-align: justify;\">Chaque visiteur m\u00e9rite une attention particuli\u00e8re. Nos \u00e9quipes savent adapter leur discours et leur approche en fonction du public : patience avec les groupes scolaires, discr\u00e9tion avec les connaisseurs, bienveillance avec les visiteurs d\u00e9couvrant un lieu pour la premi\u00e8re fois.<\/p>\t\t\t\t\t\t\t\t<\/div>\n\t\t\t\t<\/div>\n\t\t\t\t\t<\/div>\n\t\t<\/div>\n\t\t\t\t\t<\/div>\n\t\t<\/section>\n\t\t\t\t<section class=\"has_ae_slider elementor-section elementor-top-section elementor-element elementor-element-44c0a715 elementor-section-full_width elementor-section-height-default elementor-section-height-default ae-bg-gallery-type-default\" data-id=\"44c0a715\" data-element_type=\"section\" data-settings=\"{&quot;background_background&quot;:&quot;classic&quot;}\">\n\t\t\t\t\t\t<div class=\"elementor-container elementor-column-gap-no\">\n\t\t\t\t\t<div class=\"has_ae_slider elementor-column elementor-col-50 elementor-top-column elementor-element elementor-element-72efbfd7 animated-slow ae-bg-gallery-type-default elementor-invisible\" data-id=\"72efbfd7\" data-element_type=\"column\" data-settings=\"{&quot;animation&quot;:&quot;fadeInLeft&quot;}\">\n\t\t\t<div class=\"elementor-widget-wrap elementor-element-populated\">\n\t\t\t\t\t\t<div class=\"elementor-element elementor-element-48f0d017 elementor-widget elementor-widget-image\" data-id=\"48f0d017\" data-element_type=\"widget\" data-settings=\"{&quot;motion_fx_motion_fx_scrolling&quot;:&quot;yes&quot;,&quot;motion_fx_translateY_effect&quot;:&quot;yes&quot;,&quot;motion_fx_translateY_speed&quot;:{&quot;unit&quot;:&quot;px&quot;,&quot;size&quot;:0.4,&quot;sizes&quot;:[]},&quot;motion_fx_translateY_affectedRange&quot;:{&quot;unit&quot;:&quot;%&quot;,&quot;size&quot;:&quot;&quot;,&quot;sizes&quot;:{&quot;start&quot;:0,&quot;end&quot;:100}},&quot;motion_fx_devices&quot;:[&quot;desktop&quot;,&quot;tablet&quot;,&quot;mobile&quot;]}\" data-widget_type=\"image.default\">\n\t\t\t\t<div class=\"elementor-widget-container\">\n\t\t\t\t\t\t\t\t\t\t\t\t\t\t\t<img decoding=\"async\" width=\"1024\" height=\"962\" src=\"https:\/\/www.kalitess.fr\/wp-content\/uploads\/2026\/02\/Hotesse-musee.jpg\" class=\"attachment-full size-full wp-image-1185\" alt=\"\" srcset=\"https:\/\/www.kalitess.fr\/wp-content\/uploads\/2026\/02\/Hotesse-musee.jpg 1024w, https:\/\/www.kalitess.fr\/wp-content\/uploads\/2026\/02\/Hotesse-musee-300x282.jpg 300w, https:\/\/www.kalitess.fr\/wp-content\/uploads\/2026\/02\/Hotesse-musee-768x722.jpg 768w, https:\/\/www.kalitess.fr\/wp-content\/uploads\/2026\/02\/Hotesse-musee-13x12.jpg 13w\" sizes=\"(max-width: 34.9rem) calc(100vw - 2rem), (max-width: 53rem) calc(8 * (100vw \/ 12)), (min-width: 53rem) calc(6 * (100vw \/ 12)), 100vw\" \/>\t\t\t\t\t\t\t\t\t\t\t\t\t\t\t<\/div>\n\t\t\t\t<\/div>\n\t\t\t\t\t<\/div>\n\t\t<\/div>\n\t\t\t\t<div class=\"has_ae_slider elementor-column elementor-col-50 elementor-top-column elementor-element elementor-element-1855762c animated-slow ae-bg-gallery-type-default elementor-invisible\" data-id=\"1855762c\" data-element_type=\"column\" data-settings=\"{&quot;animation&quot;:&quot;fadeInRight&quot;}\">\n\t\t\t<div class=\"elementor-widget-wrap elementor-element-populated\">\n\t\t\t\t\t\t<div class=\"elementor-element elementor-element-6eaf5f75 elementor-widget elementor-widget-heading\" data-id=\"6eaf5f75\" data-element_type=\"widget\" data-widget_type=\"heading.default\">\n\t\t\t\t<div class=\"elementor-widget-container\">\n\t\t\t\t\t<h2 class=\"elementor-heading-title elementor-size-default\">Une m\u00e9diation culturelle de proximit\u00e9<\/h2>\t\t\t\t<\/div>\n\t\t\t\t<\/div>\n\t\t\t\t<div class=\"elementor-element elementor-element-1c4fca elementor-widget elementor-widget-text-editor\" data-id=\"1c4fca\" data-element_type=\"widget\" data-widget_type=\"text-editor.default\">\n\t\t\t\t<div class=\"elementor-widget-container\">\n\t\t\t\t\t\t\t\t\t<p style=\"text-align: justify;\">Au-del\u00e0 de l&rsquo;accueil, nos \u00e9quipes participent \u00e0 la m\u00e9diation culturelle en cr\u00e9ant un dialogue attentif avec les visiteurs pour \u00e9veiller leur curiosit\u00e9 et leur compr\u00e9hension des \u0153uvres et du patrimoine pr\u00e9sent\u00e9.<\/p><br><p style=\"text-align: justify;\"><strong>L&rsquo;approche de m\u00e9diation Kalitess :<\/strong><\/p><ul style=\"color: #444; padding-left: 20px; line-height: 2;\"><li><strong>Dialogue attentif<\/strong> avec les visiteurs pour \u00e9veiller curiosit\u00e9 et compr\u00e9hension<\/li><li><strong>Transmission claire et vivante<\/strong>, adapt\u00e9e \u00e0 tous les publics et tous les \u00e2ges<\/li><li><strong>Soutien aux \u00e9quipes de m\u00e9diation<\/strong>, billetterie et boutique culturelle<\/li><li><strong>Sens du contact, patience et passion<\/strong> pour le patrimoine et la culture<\/li><\/ul><br><p style=\"text-align: justify;\">Nos h\u00f4tes et h\u00f4tesses ne sont pas de simples agents d&rsquo;accueil : ils sont form\u00e9s \u00e0 comprendre le sens des expositions et des collections pour pouvoir r\u00e9pondre aux questions des visiteurs et leur donner envie d&rsquo;approfondir leur d\u00e9couverte.<\/p><br><p style=\"text-align: justify;\">Cette dimension de m\u00e9diation culturelle fait toute la diff\u00e9rence dans l&rsquo;exp\u00e9rience visiteur et contribue \u00e0 la mission \u00e9ducative et de d\u00e9mocratisation culturelle de votre institution.<\/p>\t\t\t\t\t\t\t\t<\/div>\n\t\t\t\t<\/div>\n\t\t\t\t\t<\/div>\n\t\t<\/div>\n\t\t\t\t\t<\/div>\n\t\t<\/section>\n\t\t\t\t<section class=\"has_ae_slider elementor-section elementor-top-section elementor-element elementor-element-7366f0eb elementor-section-boxed elementor-section-height-default elementor-section-height-default ae-bg-gallery-type-default\" data-id=\"7366f0eb\" data-element_type=\"section\" data-settings=\"{&quot;background_background&quot;:&quot;classic&quot;}\">\n\t\t\t\t\t\t<div class=\"elementor-container elementor-column-gap-default\">\n\t\t\t\t\t<div class=\"has_ae_slider elementor-column elementor-col-33 elementor-top-column elementor-element elementor-element-53d5c3bc animated-slow ae-bg-gallery-type-default elementor-invisible\" data-id=\"53d5c3bc\" data-element_type=\"column\" data-settings=\"{&quot;animation&quot;:&quot;fadeInUp&quot;}\">\n\t\t\t<div class=\"elementor-widget-wrap elementor-element-populated\">\n\t\t\t\t\t\t<div class=\"elementor-element elementor-element-5d24c0c3 elementor-widget elementor-widget-heading\" data-id=\"5d24c0c3\" data-element_type=\"widget\" data-widget_type=\"heading.default\">\n\t\t\t\t<div class=\"elementor-widget-container\">\n\t\t\t\t\t<h2 class=\"elementor-heading-title elementor-size-default\">Une organisation fluide et ma\u00eetris\u00e9e<\/h2>\t\t\t\t<\/div>\n\t\t\t\t<\/div>\n\t\t\t\t\t<\/div>\n\t\t<\/div>\n\t\t\t\t<div class=\"has_ae_slider elementor-column elementor-col-66 elementor-top-column elementor-element elementor-element-37255f1c animated-slow ae-bg-gallery-type-default elementor-invisible\" data-id=\"37255f1c\" data-element_type=\"column\" data-settings=\"{&quot;animation&quot;:&quot;fadeInUp&quot;,&quot;animation_delay&quot;:200}\">\n\t\t\t<div class=\"elementor-widget-wrap elementor-element-populated\">\n\t\t\t\t\t\t<div class=\"elementor-element elementor-element-206fc3da elementor-widget elementor-widget-text-editor\" data-id=\"206fc3da\" data-element_type=\"widget\" data-widget_type=\"text-editor.default\">\n\t\t\t\t<div class=\"elementor-widget-container\">\n\t\t\t\t\t\t\t\t\t<p style=\"text-align: justify;\">Les lieux culturels connaissent des pics de fr\u00e9quentation importants lors des vernissages, nocturnes, expositions temporaires et \u00e9v\u00e9nements sp\u00e9ciaux. Notre organisation permet de g\u00e9rer ces flux avec fluidit\u00e9 et professionnalisme.<\/p><br><ul style=\"color: #444; padding-left: 20px; line-height: 2;\"><li><strong>Gestion des flux<\/strong> et coordination avec la s\u00e9curit\u00e9, les guides et le personnel technique<\/li><li><strong>Supervision possible<\/strong> par un(e) chef(fe) d&rsquo;\u00e9quipe ou coordinateur culturel d\u00e9di\u00e9<\/li><li><strong>Pr\u00e9sence renforc\u00e9e<\/strong> lors des vernissages, nocturnes et \u00e9v\u00e9nements sp\u00e9ciaux<\/li><li><strong>Respect strict des r\u00e8gles de conservation<\/strong> et des protocoles d&rsquo;acc\u00e8s aux \u0153uvres<\/li><li><strong>Coordination avec les \u00e9quipes internes<\/strong> : m\u00e9diation, s\u00e9curit\u00e9, technique, boutique<\/li><\/ul><br><p style=\"text-align: justify;\">Nous comprenons les contraintes sp\u00e9cifiques des institutions culturelles : respect des \u0153uvres, gestion des files d&rsquo;attente, accompagnement des groupes, coordination avec les \u00e9quipes de m\u00e9diation. Notre exp\u00e9rience nous permet d&rsquo;anticiper et de g\u00e9rer toutes les situations.<\/p><br><p style=\"text-align: justify;\">Pour les \u00e9v\u00e9nements majeurs (vernissages, soir\u00e9es priv\u00e9es, visites officielles), nous pouvons d\u00e9ployer des \u00e9quipes renforc\u00e9es form\u00e9es aux protocoles VIP et aux exigences de repr\u00e9sentation institutionnelle.<\/p>\t\t\t\t\t\t\t\t<\/div>\n\t\t\t\t<\/div>\n\t\t\t\t\t<\/div>\n\t\t<\/div>\n\t\t\t\t\t<\/div>\n\t\t<\/section>\n\t\t\t\t<section class=\"has_ae_slider elementor-section elementor-top-section elementor-element elementor-element-3a666931 elementor-section-full_width elementor-section-height-default elementor-section-height-default ae-bg-gallery-type-default\" data-id=\"3a666931\" data-element_type=\"section\" data-settings=\"{&quot;background_background&quot;:&quot;classic&quot;}\">\n\t\t\t\t\t\t<div class=\"elementor-container elementor-column-gap-no\">\n\t\t\t\t\t<div class=\"has_ae_slider elementor-column elementor-col-50 elementor-top-column elementor-element elementor-element-2158e600 animated-slow ae-bg-gallery-type-default elementor-invisible\" data-id=\"2158e600\" data-element_type=\"column\" data-settings=\"{&quot;animation&quot;:&quot;fadeInLeft&quot;}\">\n\t\t\t<div class=\"elementor-widget-wrap elementor-element-populated\">\n\t\t\t\t\t\t<div class=\"elementor-element elementor-element-7dd76873 elementor-widget elementor-widget-heading\" data-id=\"7dd76873\" data-element_type=\"widget\" data-widget_type=\"heading.default\">\n\t\t\t\t<div class=\"elementor-widget-container\">\n\t\t\t\t\t<h2 class=\"elementor-heading-title elementor-size-default\">Nos engagements pour les institutions culturelles<\/h2>\t\t\t\t<\/div>\n\t\t\t\t<\/div>\n\t\t\t\t<div class=\"elementor-element elementor-element-6b4285d4 elementor-widget elementor-widget-text-editor\" data-id=\"6b4285d4\" data-element_type=\"widget\" data-widget_type=\"text-editor.default\">\n\t\t\t\t<div class=\"elementor-widget-container\">\n\t\t\t\t\t\t\t\t\t<ul style=\"list-style: none; padding-left: 0; color: #444;\"><li style=\"margin-bottom: 15px;\">\u2713 <strong>Professionnalisme discret<\/strong> : une pr\u00e9sence rassurante, jamais envahissante, qui s&rsquo;efface devant les \u0153uvres<\/li><li style=\"margin-bottom: 15px;\">\u2713 <strong>Culture et curiosit\u00e9<\/strong> : nos \u00e9quipes comprennent le sens des lieux qu&rsquo;elles repr\u00e9sentent<\/li><li style=\"margin-bottom: 15px;\">\u2713 <strong>Adaptabilit\u00e9<\/strong> : du mus\u00e9e national au centre d&rsquo;art contemporain, chaque site a son ton et son public<\/li><li style=\"margin-bottom: 15px;\">\u2713 <strong>Exigence esth\u00e9tique<\/strong> : pr\u00e9sentation irr\u00e9prochable, tenue harmonis\u00e9e, langage soign\u00e9<\/li><li style=\"margin-bottom: 15px;\">\u2713 <strong>Sensibilit\u00e9 patrimoniale<\/strong> : respect des \u0153uvres et des r\u00e8gles de conservation<\/li><li style=\"margin-bottom: 15px;\">\u2713 <strong>Multilinguisme<\/strong> : \u00e9quipes capables d&rsquo;accueillir les visiteurs internationaux<\/li><\/ul><br><p style=\"text-align: justify;\">Faire d\u00e9couvrir, c&rsquo;est d\u00e9j\u00e0 faire aimer. Nous faisons de chaque accueil une rencontre, et de chaque visite une exp\u00e9rience qui marquera durablement le visiteur et l&rsquo;incitera \u00e0 revenir.<\/p>\t\t\t\t\t\t\t\t<\/div>\n\t\t\t\t<\/div>\n\t\t\t\t\t<\/div>\n\t\t<\/div>\n\t\t\t\t<div class=\"has_ae_slider elementor-column elementor-col-50 elementor-top-column elementor-element elementor-element-27988ec2 animated-slow ae-bg-gallery-type-default elementor-invisible\" data-id=\"27988ec2\" data-element_type=\"column\" data-settings=\"{&quot;animation&quot;:&quot;fadeInRight&quot;}\">\n\t\t\t<div class=\"elementor-widget-wrap elementor-element-populated\">\n\t\t\t\t\t\t<div class=\"elementor-element elementor-element-dc9900a elementor-widget elementor-widget-image\" data-id=\"dc9900a\" data-element_type=\"widget\" data-settings=\"{&quot;motion_fx_motion_fx_scrolling&quot;:&quot;yes&quot;,&quot;motion_fx_translateY_effect&quot;:&quot;yes&quot;,&quot;motion_fx_translateY_speed&quot;:{&quot;unit&quot;:&quot;px&quot;,&quot;size&quot;:0.4,&quot;sizes&quot;:[]},&quot;motion_fx_translateY_affectedRange&quot;:{&quot;unit&quot;:&quot;%&quot;,&quot;size&quot;:&quot;&quot;,&quot;sizes&quot;:{&quot;start&quot;:0,&quot;end&quot;:100}},&quot;motion_fx_devices&quot;:[&quot;desktop&quot;,&quot;tablet&quot;,&quot;mobile&quot;]}\" data-widget_type=\"image.default\">\n\t\t\t\t<div class=\"elementor-widget-container\">\n\t\t\t\t\t\t\t\t\t\t\t\t\t\t\t<img decoding=\"async\" width=\"1024\" height=\"1536\" src=\"https:\/\/www.kalitess.fr\/wp-content\/uploads\/2026\/02\/Accueil-Culturel-et-Museographique-Annee-80.png\" class=\"attachment-full size-full wp-image-1186\" alt=\"\" srcset=\"https:\/\/www.kalitess.fr\/wp-content\/uploads\/2026\/02\/Accueil-Culturel-et-Museographique-Annee-80.png 1024w, https:\/\/www.kalitess.fr\/wp-content\/uploads\/2026\/02\/Accueil-Culturel-et-Museographique-Annee-80-200x300.png 200w, https:\/\/www.kalitess.fr\/wp-content\/uploads\/2026\/02\/Accueil-Culturel-et-Museographique-Annee-80-683x1024.png 683w, https:\/\/www.kalitess.fr\/wp-content\/uploads\/2026\/02\/Accueil-Culturel-et-Museographique-Annee-80-768x1152.png 768w, https:\/\/www.kalitess.fr\/wp-content\/uploads\/2026\/02\/Accueil-Culturel-et-Museographique-Annee-80-8x12.png 8w\" sizes=\"(max-width: 34.9rem) calc(100vw - 2rem), (max-width: 53rem) calc(8 * (100vw \/ 12)), (min-width: 53rem) calc(6 * (100vw \/ 12)), 100vw\" \/>\t\t\t\t\t\t\t\t\t\t\t\t\t\t\t<\/div>\n\t\t\t\t<\/div>\n\t\t\t\t\t<\/div>\n\t\t<\/div>\n\t\t\t\t\t<\/div>\n\t\t<\/section>\n\t\t\t\t<section class=\"has_ae_slider elementor-section elementor-top-section elementor-element elementor-element-4b77263f elementor-section-full_width elementor-section-height-min-height elementor-section-height-default elementor-section-items-middle ae-bg-gallery-type-default\" data-id=\"4b77263f\" data-element_type=\"section\" data-settings=\"{&quot;background_background&quot;:&quot;classic&quot;}\">\n\t\t\t\t\t\t<div class=\"elementor-container elementor-column-gap-default\">\n\t\t\t\t\t<div class=\"has_ae_slider elementor-column elementor-col-100 elementor-top-column elementor-element elementor-element-484d25a8 animated-slow ae-bg-gallery-type-default elementor-invisible\" data-id=\"484d25a8\" data-element_type=\"column\" data-settings=\"{&quot;animation&quot;:&quot;fadeInUp&quot;}\">\n\t\t\t<div class=\"elementor-widget-wrap elementor-element-populated\">\n\t\t\t\t\t\t<div class=\"elementor-element elementor-element-222d2e3 elementor-widget elementor-widget-heading\" data-id=\"222d2e3\" data-element_type=\"widget\" data-widget_type=\"heading.default\">\n\t\t\t\t<div class=\"elementor-widget-container\">\n\t\t\t\t\t<h2 class=\"elementor-heading-title elementor-size-default\">Un accueil \u00e0 la hauteur de votre institution culturelle ?<\/h2>\t\t\t\t<\/div>\n\t\t\t\t<\/div>\n\t\t\t\t<div class=\"elementor-element elementor-element-2569a0b9 elementor-widget elementor-widget-text-editor\" data-id=\"2569a0b9\" data-element_type=\"widget\" data-widget_type=\"text-editor.default\">\n\t\t\t\t<div class=\"elementor-widget-container\">\n\t\t\t\t\t\t\t\t\t<p style=\"text-align: center; max-width: 700px; margin: 0 auto;\">Mus\u00e9e, centre d&rsquo;art, lieu patrimonial ou espace d&rsquo;exposition : contactez Kalitess pour un accueil culturel sur mesure. Nous mettons notre expertise au service de la transmission et du partage de la culture.<\/p>\t\t\t\t\t\t\t\t<\/div>\n\t\t\t\t<\/div>\n\t\t\t\t<div class=\"elementor-element elementor-element-4ee47dfd elementor-align-center elementor-widget elementor-widget-button\" data-id=\"4ee47dfd\" data-element_type=\"widget\" data-widget_type=\"button.default\">\n\t\t\t\t<div class=\"elementor-widget-container\">\n\t\t\t\t\t\t\t\t\t<div class=\"elementor-button-wrapper\">\n\t\t\t\t\t<a class=\"elementor-button elementor-button-link elementor-size-md\" href=\"https:\/\/www.kalitess.fr\/#contact\">\n\t\t\t\t\t\t<span class=\"elementor-button-content-wrapper\">\n\t\t\t\t\t\t\t\t\t<span class=\"elementor-button-text\">Obtenir un devis gratuit<\/span>\n\t\t\t\t\t<\/span>\n\t\t\t\t\t<\/a>\n\t\t\t\t<\/div>\n\t\t\t\t\t\t\t\t<\/div>\n\t\t\t\t<\/div>\n\t\t\t\t\t<\/div>\n\t\t<\/div>\n\t\t\t\t\t<\/div>\n\t\t<\/section>\n\t\t\t\t<\/div>","protected":false},"excerpt":{"rendered":"<p>Accueil Culturel &#038; Mus\u00e9ographique L&rsquo;art d&rsquo;accueillir, la passion de transmettre Dans un mus\u00e9e, une exposition ou un lieu patrimonial, l&rsquo;accueil ne se limite pas \u00e0 orienter : il cr\u00e9e le lien entre le public et l&rsquo;univers que vous lui d\u00e9voilez. C&rsquo;est ce premier contact qui donne le ton de l&rsquo;exp\u00e9rience culturelle \u00e0 venir. Nos h\u00f4tes [&hellip;]<\/p>","protected":false},"author":5,"featured_media":0,"parent":0,"menu_order":0,"comment_status":"closed","ping_status":"closed","template":"elementor_header_footer","meta":{"_acf_changed":false,"_monsterinsights_skip_tracking":false,"_monsterinsights_sitenote_active":false,"_monsterinsights_sitenote_note":"","_monsterinsights_sitenote_category":0,"footnotes":""},"class_list":["post-1189","page","type-page","status-publish","hentry","entry"],"acf":[],"yoast_head":"<!-- This site is optimized with the Yoast SEO plugin v26.7 - https:\/\/yoast.com\/wordpress\/plugins\/seo\/ -->\n<title>Accueil Culturel et Mus\u00e9ographique<\/title>\n<meta name=\"description\" content=\"Kalitess est une agence d&#039;h\u00f4tesses d&#039;accueil \u00e0 Paris sp\u00e9cialis\u00e9e pour les prestations d&#039;h\u00f4tesses standardistes en entreprise ainsi que dans les prestations d&#039;h\u00f4tesses en \u00e9v\u00e9nementiel.\" \/>\n<meta name=\"robots\" content=\"index, follow, max-snippet:-1, max-image-preview:large, max-video-preview:-1\" \/>\n<link rel=\"canonical\" href=\"https:\/\/www.kalitess.fr\/en\/accueil-culturel-et-museographique\/\" \/>\n<meta property=\"og:locale\" content=\"en_GB\" \/>\n<meta property=\"og:locale:alternate\" content=\"fr_FR\" \/>\n<meta property=\"og:type\" content=\"article\" \/>\n<meta property=\"og:title\" content=\"Accueil Culturel et Mus\u00e9ographique\" \/>\n<meta property=\"og:description\" content=\"Kalitess est une agence d&#039;h\u00f4tesses d&#039;accueil \u00e0 Paris sp\u00e9cialis\u00e9e pour les prestations d&#039;h\u00f4tesses standardistes en entreprise ainsi que dans les prestations d&#039;h\u00f4tesses en \u00e9v\u00e9nementiel.\" \/>\n<meta property=\"og:url\" content=\"https:\/\/www.kalitess.fr\/en\/accueil-culturel-et-museographique\/\" \/>\n<meta property=\"og:site_name\" content=\"Kalitess\" \/>\n<meta property=\"article:publisher\" content=\"https:\/\/www.facebook.com\/Kalitess-141929196146809\/\" \/>\n<meta property=\"article:modified_time\" content=\"2026-02-17T11:34:53+00:00\" \/>\n<meta property=\"og:image\" content=\"https:\/\/www.kalitess.fr\/wp-content\/uploads\/2026\/02\/Hotesse-centre-culturel.jpg\" \/>\n\t<meta property=\"og:image:width\" content=\"1024\" \/>\n\t<meta property=\"og:image:height\" content=\"962\" \/>\n\t<meta property=\"og:image:type\" content=\"image\/jpeg\" \/>\n<meta name=\"twitter:card\" content=\"summary_large_image\" \/>\n<meta name=\"twitter:label1\" content=\"Estimated reading time\" \/>\n\t<meta name=\"twitter:data1\" content=\"5 minutes\" \/>\n<script type=\"application\/ld+json\" class=\"yoast-schema-graph\">{\"@context\":\"https:\/\/schema.org\",\"@graph\":[{\"@type\":\"WebPage\",\"@id\":\"https:\/\/www.kalitess.fr\/accueil-culturel-et-museographique\/\",\"url\":\"https:\/\/www.kalitess.fr\/accueil-culturel-et-museographique\/\",\"name\":\"Accueil Culturel et Mus\u00e9ographique\",\"isPartOf\":{\"@id\":\"https:\/\/www.kalitess.fr\/#website\"},\"primaryImageOfPage\":{\"@id\":\"https:\/\/www.kalitess.fr\/accueil-culturel-et-museographique\/#primaryimage\"},\"image\":{\"@id\":\"https:\/\/www.kalitess.fr\/accueil-culturel-et-museographique\/#primaryimage\"},\"thumbnailUrl\":\"https:\/\/www.kalitess.fr\/wp-content\/uploads\/2026\/02\/Hotesse-centre-culturel.jpg\",\"datePublished\":\"2026-02-17T11:34:44+00:00\",\"dateModified\":\"2026-02-17T11:34:53+00:00\",\"description\":\"Kalitess est une agence d'h\u00f4tesses d'accueil \u00e0 Paris sp\u00e9cialis\u00e9e pour les prestations d'h\u00f4tesses standardistes en entreprise ainsi que dans les prestations d'h\u00f4tesses en \u00e9v\u00e9nementiel.\",\"breadcrumb\":{\"@id\":\"https:\/\/www.kalitess.fr\/accueil-culturel-et-museographique\/#breadcrumb\"},\"inLanguage\":\"en-GB\",\"potentialAction\":[{\"@type\":\"ReadAction\",\"target\":[\"https:\/\/www.kalitess.fr\/accueil-culturel-et-museographique\/\"]}]},{\"@type\":\"ImageObject\",\"inLanguage\":\"en-GB\",\"@id\":\"https:\/\/www.kalitess.fr\/accueil-culturel-et-museographique\/#primaryimage\",\"url\":\"https:\/\/www.kalitess.fr\/wp-content\/uploads\/2026\/02\/Hotesse-centre-culturel.jpg\",\"contentUrl\":\"https:\/\/www.kalitess.fr\/wp-content\/uploads\/2026\/02\/Hotesse-centre-culturel.jpg\"},{\"@type\":\"BreadcrumbList\",\"@id\":\"https:\/\/www.kalitess.fr\/accueil-culturel-et-museographique\/#breadcrumb\",\"itemListElement\":[{\"@type\":\"ListItem\",\"position\":1,\"name\":\"Home\",\"item\":\"https:\/\/www.kalitess.fr\/\"},{\"@type\":\"ListItem\",\"position\":2,\"name\":\"Accueil Culturel et Mus\u00e9ographique\"}]},{\"@type\":\"WebSite\",\"@id\":\"https:\/\/www.kalitess.fr\/#website\",\"url\":\"https:\/\/www.kalitess.fr\/\",\"name\":\"Kalitess\",\"description\":\"Agence de prestation d'accueil en entreprise\",\"publisher\":{\"@id\":\"https:\/\/www.kalitess.fr\/#organization\"},\"potentialAction\":[{\"@type\":\"SearchAction\",\"target\":{\"@type\":\"EntryPoint\",\"urlTemplate\":\"https:\/\/www.kalitess.fr\/?s={search_term_string}\"},\"query-input\":{\"@type\":\"PropertyValueSpecification\",\"valueRequired\":true,\"valueName\":\"search_term_string\"}}],\"inLanguage\":\"en-GB\"},{\"@type\":\"Organization\",\"@id\":\"https:\/\/www.kalitess.fr\/#organization\",\"name\":\"Kalitess\",\"url\":\"https:\/\/www.kalitess.fr\/\",\"logo\":{\"@type\":\"ImageObject\",\"inLanguage\":\"en-GB\",\"@id\":\"https:\/\/www.kalitess.fr\/#\/schema\/logo\/image\/\",\"url\":\"https:\/\/www.kalitess.fr\/wp-content\/uploads\/2019\/04\/kalitess_logo.png\",\"contentUrl\":\"https:\/\/www.kalitess.fr\/wp-content\/uploads\/2019\/04\/kalitess_logo.png\",\"width\":2304,\"height\":822,\"caption\":\"Kalitess\"},\"image\":{\"@id\":\"https:\/\/www.kalitess.fr\/#\/schema\/logo\/image\/\"},\"sameAs\":[\"https:\/\/www.facebook.com\/Kalitess-141929196146809\/\",\"https:\/\/www.instagram.com\/kalitess_agency\/\",\"https:\/\/www.linkedin.com\/company\/kalitess\/about\/\"]}]}<\/script>\n<!-- \/ Yoast SEO plugin. -->","yoast_head_json":{"title":"Accueil Culturel et Mus\u00e9ographique","description":"Kalitess est une agence d'h\u00f4tesses d'accueil \u00e0 Paris sp\u00e9cialis\u00e9e pour les prestations d'h\u00f4tesses standardistes en entreprise ainsi que dans les prestations d'h\u00f4tesses en \u00e9v\u00e9nementiel.","robots":{"index":"index","follow":"follow","max-snippet":"max-snippet:-1","max-image-preview":"max-image-preview:large","max-video-preview":"max-video-preview:-1"},"canonical":"https:\/\/www.kalitess.fr\/en\/accueil-culturel-et-museographique\/","og_locale":"en_GB","og_type":"article","og_title":"[:fr]Accueil Culturel et Mus\u00e9ographique[:] | Kalitess","og_description":"Kalitess est une agence d'h\u00f4tesses d'accueil \u00e0 Paris sp\u00e9cialis\u00e9e pour les prestations d'h\u00f4tesses standardistes en entreprise ainsi que dans les prestations d'h\u00f4tesses en \u00e9v\u00e9nementiel.","og_url":"https:\/\/www.kalitess.fr\/en\/accueil-culturel-et-museographique\/","og_site_name":"Kalitess","article_publisher":"https:\/\/www.facebook.com\/Kalitess-141929196146809\/","article_modified_time":"2026-02-17T11:34:53+00:00","og_image":[{"width":1024,"height":962,"url":"https:\/\/www.kalitess.fr\/wp-content\/uploads\/2026\/02\/Hotesse-centre-culturel.jpg","type":"image\/jpeg"}],"twitter_card":"summary_large_image","twitter_misc":{"Estimated reading time":"5 minutes"},"schema":{"@context":"https:\/\/schema.org","@graph":[{"@type":"WebPage","@id":"https:\/\/www.kalitess.fr\/accueil-culturel-et-museographique\/","url":"https:\/\/www.kalitess.fr\/accueil-culturel-et-museographique\/","name":"Accueil Culturel et Mus\u00e9ographique","isPartOf":{"@id":"https:\/\/www.kalitess.fr\/#website"},"primaryImageOfPage":{"@id":"https:\/\/www.kalitess.fr\/accueil-culturel-et-museographique\/#primaryimage"},"image":{"@id":"https:\/\/www.kalitess.fr\/accueil-culturel-et-museographique\/#primaryimage"},"thumbnailUrl":"https:\/\/www.kalitess.fr\/wp-content\/uploads\/2026\/02\/Hotesse-centre-culturel.jpg","datePublished":"2026-02-17T11:34:44+00:00","dateModified":"2026-02-17T11:34:53+00:00","description":"Kalitess est une agence d'h\u00f4tesses d'accueil \u00e0 Paris sp\u00e9cialis\u00e9e pour les prestations d'h\u00f4tesses standardistes en entreprise ainsi que dans les prestations d'h\u00f4tesses en \u00e9v\u00e9nementiel.","breadcrumb":{"@id":"https:\/\/www.kalitess.fr\/accueil-culturel-et-museographique\/#breadcrumb"},"inLanguage":"en-GB","potentialAction":[{"@type":"ReadAction","target":["https:\/\/www.kalitess.fr\/accueil-culturel-et-museographique\/"]}]},{"@type":"ImageObject","inLanguage":"en-GB","@id":"https:\/\/www.kalitess.fr\/accueil-culturel-et-museographique\/#primaryimage","url":"https:\/\/www.kalitess.fr\/wp-content\/uploads\/2026\/02\/Hotesse-centre-culturel.jpg","contentUrl":"https:\/\/www.kalitess.fr\/wp-content\/uploads\/2026\/02\/Hotesse-centre-culturel.jpg"},{"@type":"BreadcrumbList","@id":"https:\/\/www.kalitess.fr\/accueil-culturel-et-museographique\/#breadcrumb","itemListElement":[{"@type":"ListItem","position":1,"name":"Home","item":"https:\/\/www.kalitess.fr\/"},{"@type":"ListItem","position":2,"name":"Accueil Culturel et Mus\u00e9ographique"}]},{"@type":"WebSite","@id":"https:\/\/www.kalitess.fr\/#website","url":"https:\/\/www.kalitess.fr\/","name":"Kalitess","description":"Agence de prestation d'accueil en entreprise","publisher":{"@id":"https:\/\/www.kalitess.fr\/#organization"},"potentialAction":[{"@type":"SearchAction","target":{"@type":"EntryPoint","urlTemplate":"https:\/\/www.kalitess.fr\/?s={search_term_string}"},"query-input":{"@type":"PropertyValueSpecification","valueRequired":true,"valueName":"search_term_string"}}],"inLanguage":"en-GB"},{"@type":"Organization","@id":"https:\/\/www.kalitess.fr\/#organization","name":"Kalitess","url":"https:\/\/www.kalitess.fr\/","logo":{"@type":"ImageObject","inLanguage":"en-GB","@id":"https:\/\/www.kalitess.fr\/#\/schema\/logo\/image\/","url":"https:\/\/www.kalitess.fr\/wp-content\/uploads\/2019\/04\/kalitess_logo.png","contentUrl":"https:\/\/www.kalitess.fr\/wp-content\/uploads\/2019\/04\/kalitess_logo.png","width":2304,"height":822,"caption":"Kalitess"},"image":{"@id":"https:\/\/www.kalitess.fr\/#\/schema\/logo\/image\/"},"sameAs":["https:\/\/www.facebook.com\/Kalitess-141929196146809\/","https:\/\/www.instagram.com\/kalitess_agency\/","https:\/\/www.linkedin.com\/company\/kalitess\/about\/"]}]}},"_links":{"self":[{"href":"https:\/\/www.kalitess.fr\/en\/wp-json\/wp\/v2\/pages\/1189","targetHints":{"allow":["GET"]}}],"collection":[{"href":"https:\/\/www.kalitess.fr\/en\/wp-json\/wp\/v2\/pages"}],"about":[{"href":"https:\/\/www.kalitess.fr\/en\/wp-json\/wp\/v2\/types\/page"}],"author":[{"embeddable":true,"href":"https:\/\/www.kalitess.fr\/en\/wp-json\/wp\/v2\/users\/5"}],"replies":[{"embeddable":true,"href":"https:\/\/www.kalitess.fr\/en\/wp-json\/wp\/v2\/comments?post=1189"}],"version-history":[{"count":4,"href":"https:\/\/www.kalitess.fr\/en\/wp-json\/wp\/v2\/pages\/1189\/revisions"}],"predecessor-version":[{"id":1193,"href":"https:\/\/www.kalitess.fr\/en\/wp-json\/wp\/v2\/pages\/1189\/revisions\/1193"}],"wp:attachment":[{"href":"https:\/\/www.kalitess.fr\/en\/wp-json\/wp\/v2\/media?parent=1189"}],"curies":[{"name":"wp","href":"https:\/\/api.w.org\/{rel}","templated":true}]}}